{"id":1121,"date":"2023-01-05T10:28:31","date_gmt":"2023-01-05T09:28:31","guid":{"rendered":"https:\/\/lechnerhof.devel-web.de\/?page_id=1121"},"modified":"2025-12-31T09:47:22","modified_gmt":"2025-12-31T08:47:22","slug":"tagungspauschale-3","status":"publish","type":"page","link":"https:\/\/hotel-lechnerhof.de\/en\/tagungspauschale-3\/","title":{"rendered":"THE MUNICH I&#038;II RATE"},"content":{"rendered":"\n<h1 class=\"wp-block-heading has-text-align-center\">MUNICH I+II<\/h1>\n\n\n\n<div style=\"height:15px\" aria-hidden=\"true\" class=\"wp-block-spacer\"><\/div>\n\n\n\n<div class=\"wp-block-group\"><div class=\"wp-block-group__inner-container is-layout-constrained wp-block-group-is-layout-constrained\">\n\n\n<p>\u201cThe MUNICH I+II Package\u201d at \u20ac99.00 per person (2 coffee breaks)<\/p>\n\n\n\n<p>For everyone who prefers not to bother with the small details.<\/p>\n\n\n\n<p>Bookable for 10\u201350 participants.<\/p>\n\n\n\n<ul class=\"wp-block-list layout-list\">\n\n\t\n\t<li>Meeting room appropriate to the number of participants\n\t\t\n\t\t<ul class=\"wp-block-list\">\n\n\t\t\t\n\t\t\t<li>Desired seating arrangement<\/li>\n\t\t\t\n\n\t\t\t\n\t\t\t<li>Indirect daylight or daylight<\/li>\n\t\t\t\n\n\t\t\t\n\t\t\t<li>2 flipcharts, 2 pinboards, 1 moderator\u2019s case, 1 projector<\/li>\n\t\t\t\n\n\t\t\t\n\t\t\t<li>Notepads and pens<\/li>\n\t\t\t\n\n\t\t\t\n\t\t\t<li>Wi-Fi<\/li>\n\t\t\t\n\n\t\t\t\n\t\t\t<li>Room rental for 6 hours included (each additional started hour will be charged at \u20ac25.00)<\/li>\n\t\t\t\n\n\t\t<\/ul>\n\t\t\n\t<\/li>\n\t\n\n\t\n\t<li>Mineral water and soft drinks in the meeting room included<\/li>\n\t\n\n\t\n\t<li>1 morning coffee break with savoury snacks<\/li>\n\t\n\n\t\n\t<li>1 afternoon coffee break with sweet snacks<\/li>\n\t\n\n\t\n\t<li>2-course lunch with a choice of 3 main dishes (fish, meat, vegetarian)<\/li>\n\t\n\n\t\n\t<li>Mineral water and coffee included with lunch<\/li>\n\t\n\n\t\n\t<li>Personal support before and during your event<\/li>\n\t\n\n\t\n\t<li>Parking at a special rate of \u20ac10.00<\/li>\n\t\n\n\t\n\t<li>When booking rooms directly in combination with the conference, you receive a \u20ac10.00 discount per room and night off the regular room price.<\/li>\n\t\n\n<\/ul>\n\n\n\n<p>We are happy to offer you a delicious BBQ in the evening. Please ask us about the possibilities!<\/p>\n\n\n<\/div><\/div>\n\n\n\n<div style=\"height:27px\" aria-hidden=\"true\" class=\"wp-block-spacer\"><\/div>\n\n\n\n<p class=\"has-text-align-center standard-btn text-nowrap\"><a href=\"https:\/\/hotel-lechnerhof.de\/wp-content\/uploads\/Hausprospekt-neu-2023.pdf\" data-type=\"URL\" data-id=\"https:\/\/hotel-lechnerhof.de\/wp-content\/uploads\/Hausprospekt-neu-2023.pdf\" target=\"_blank\" rel=\"noreferrer noopener\">Tagungsmappe herunterladen<\/a><\/p>\n\n\n\n<div style=\"height:10px\" aria-hidden=\"true\" class=\"wp-block-spacer\"><\/div>\n\n\n\n<div style=\"height:36px\" aria-hidden=\"true\" class=\"wp-block-spacer\"><\/div>\n\n\n\n<div class=\"wp-block-group alignfull info-group has-background\" style=\"background-color:#f6f4ef\"><div class=\"wp-block-group__inner-container is-layout-flow wp-block-group-is-layout-flow\">\n<div style=\"height:25px\" aria-hidden=\"true\" class=\"wp-block-spacer\"><\/div>\n\n\n\n<div style=\"height:20px\" aria-hidden=\"true\" class=\"wp-block-spacer\"><\/div>\n\n\n\n<h2 class=\"wp-block-heading has-text-align-center\">Unsere Tagungsr\u00e4ume<\/h2>\n\n\n\n<div class=\"wp-block-columns is-layout-flex wp-container-core-columns-is-layout-9d6595d7 wp-block-columns-is-layout-flex\">\n<div class=\"wp-block-column room-group-col block-bounce is-layout-flow wp-block-column-is-layout-flow\"><a href=\"\/muenchen-1-und-2\/\"    class=\"wp-block-tiptip-hyperlink-group-block\" >\n<figure class=\"wp-block-image size-full\"><img loading=\"lazy\" decoding=\"async\" width=\"545\" height=\"350\" src=\"\/wp-content\/uploads\/tagung-545-350.jpg\" alt=\"\" class=\"wp-image-1315\" srcset=\"https:\/\/hotel-lechnerhof.de\/wp-content\/uploads\/tagung-545-350.jpg 545w, https:\/\/hotel-lechnerhof.de\/wp-content\/uploads\/tagung-545-350-300x193.jpg 300w\" sizes=\"auto, (max-width: 545px) 100vw, 545px\" \/><\/figure>\n\n<h3 class=\"wp-block-heading has-text-align-center\">M\u00fcnchen I<\/h3>\n\n<p>Mit bis zu 24 Personen tagen bei angenehmen Tageslicht. M\u00fcnchen I&nbsp; ist auch sehr gut kombinierbar mit dem Raum M\u00fcnchen II.<\/p>\n<\/a><\/div>\n\n\n\n<div class=\"wp-block-column room-group-col block-bounce is-layout-flow wp-block-column-is-layout-flow\"><a href=\"\/muenchen-1-und-2\/\"    class=\"wp-block-tiptip-hyperlink-group-block\" >\n<figure class=\"wp-block-image size-full\"><img loading=\"lazy\" decoding=\"async\" width=\"545\" height=\"350\" src=\"\/wp-content\/uploads\/tagung-545-350.jpg\" alt=\"\" class=\"wp-image-1315\" srcset=\"https:\/\/hotel-lechnerhof.de\/wp-content\/uploads\/tagung-545-350.jpg 545w, https:\/\/hotel-lechnerhof.de\/wp-content\/uploads\/tagung-545-350-300x193.jpg 300w\" sizes=\"auto, (max-width: 545px) 100vw, 545px\" \/><\/figure>\n\n<h3 class=\"wp-block-heading has-text-align-center\">M\u00fcnchen II<\/h3>\n\n<p>Mit bis zu 20 Personen tagen bei angenehmen Tageslicht. M\u00fcnchen II ist auch sehr gut kombinierbar mit dem Raum M\u00fcnchen I.<\/p>\n<\/a><\/div>\n\n\n\n<div class=\"wp-block-column room-group-col block-bounce is-layout-flow wp-block-column-is-layout-flow\"><a href=\"\/starnberg\"    class=\"wp-block-tiptip-hyperlink-group-block\" >\n<figure class=\"wp-block-image size-full\"><img loading=\"lazy\" decoding=\"async\" width=\"545\" height=\"350\" src=\"\/wp-content\/uploads\/Starnberg.jpg\" alt=\"\" class=\"wp-image-1808\" srcset=\"https:\/\/hotel-lechnerhof.de\/wp-content\/uploads\/Starnberg.jpg 545w, https:\/\/hotel-lechnerhof.de\/wp-content\/uploads\/Starnberg-300x193.jpg 300w\" sizes=\"auto, (max-width: 545px) 100vw, 545px\" \/><\/figure>\n\n<h3 class=\"wp-block-heading has-text-align-center\">Starnberg<\/h3>\n\n<p>Historischer Raum f\u00fcr kleine Workshops, oder als Gruppenraum mit indirektem Tageslicht. Auch kombinierbar mit Raum Tegernsee.<\/p>\n<\/a><\/div>\n\n\n\n<div class=\"wp-block-column room-group-col block-bounce is-layout-flow wp-block-column-is-layout-flow\"><a href=\"\/tegernsee\"    class=\"wp-block-tiptip-hyperlink-group-block\" >\n<figure class=\"wp-block-image size-full\"><img loading=\"lazy\" decoding=\"async\" width=\"545\" height=\"350\" src=\"\/wp-content\/uploads\/Tegernsee.jpg\" alt=\"\" class=\"wp-image-1806\" srcset=\"https:\/\/hotel-lechnerhof.de\/wp-content\/uploads\/Tegernsee.jpg 545w, https:\/\/hotel-lechnerhof.de\/wp-content\/uploads\/Tegernsee-300x193.jpg 300w\" sizes=\"auto, (max-width: 545px) 100vw, 545px\" \/><\/figure>\n\n<h3 class=\"wp-block-heading has-text-align-center\">Tegernsee<\/h3>\n\n<p>Historischer Raum f\u00fcr Zweier Gespr\u00e4che, oder als Gruppenraum mit indirektem Tageslicht. Auch kombinierbar mit Raum Starnberg.<\/p>\n<\/a><\/div>\n<\/div>\n\n\n\n<div style=\"height:70px\" aria-hidden=\"true\" class=\"wp-block-spacer\"><\/div>\n<\/div><\/div>\n\n\n\n<div style=\"height:53px\" aria-hidden=\"true\" class=\"wp-block-spacer\"><\/div>\n\n","protected":false},"excerpt":{"rendered":"<p>M\u00dcNCHEN I+II \u201eDie M\u00dcNCHEN I+II Pauschale\u201c \u00e0 99,00 EUR pro Person (2 Kaffeepausen) F\u00fcr Alle, die sich nicht mit Kleinigkeiten aufhalten m\u00f6chten. Ab 10\u201350 Personen buchbar. Gerne bieten wir Ihnen ein leckeres BBQ am Abend an. Fragen Sie nach den M\u00f6glichkeiten! MUNICH I+II \u201cThe MUNICH I+II Package\u201d at \u20ac99.00 per person (2 coffee breaks) For [&#8230;]<\/p>\n<p><a class=\"btn btn-secondary understrap-read-more-link\" href=\"https:\/\/hotel-lechnerhof.de\/en\/tagungspauschale-3\/\">Read More&#8230;<span class=\"screen-reader-text\"> from THE MUNICH I&#038;II RATE<\/span><\/a><\/p>\n","protected":false},"author":1,"featured_media":0,"parent":0,"menu_order":0,"comment_status":"closed","ping_status":"closed","template":"page-templates\/fullwidthpage-no-header.php","meta":{"footnotes":""},"categories":[7],"tags":[],"class_list":["post-1121","page","type-page","status-publish","hentry","category-rubrik-tagungen"],"translation":{"provider":"WPGlobus","version":"3.0.2","language":"en","enabled_languages":["de","en"],"languages":{"de":{"title":true,"content":true,"excerpt":false},"en":{"title":true,"content":true,"excerpt":false}}},"yoast_head":"<!-- This site is optimized with the Yoast SEO plugin v27.4 - https:\/\/yoast.com\/product\/yoast-seo-wordpress\/ -->\n<title>THE MUNICH I&amp;II RATE - Hotel Lechnerhof<\/title>\n<meta name=\"robots\" content=\"index, follow, max-snippet:-1, max-image-preview:large, max-video-preview:-1\" \/>\n<link rel=\"canonical\" href=\"https:\/\/hotel-lechnerhof.de\/tagungspauschale-3\/\" \/>\n<meta property=\"og:locale\" content=\"en_US\" \/>\n<meta property=\"og:type\" content=\"article\" \/>\n<meta property=\"og:title\" content=\"THE MUNICH I&amp;II RATE - Hotel Lechnerhof\" \/>\n<meta property=\"og:url\" content=\"https:\/\/hotel-lechnerhof.de\/tagungspauschale-3\/\" \/>\n<meta property=\"og:site_name\" content=\"Hotel Lechnerhof\" \/>\n<meta property=\"article:modified_time\" content=\"2025-12-31T08:47:22+00:00\" \/>\n<meta name=\"twitter:card\" content=\"summary_large_image\" \/>\n<meta name=\"twitter:label1\" content=\"Est. reading time\" \/>\n\t<meta name=\"twitter:data1\" content=\"7 minutes\" \/>\n<script type=\"application\/ld+json\" class=\"yoast-schema-graph\">{\"@context\":\"https:\\\/\\\/schema.org\",\"@graph\":[{\"@type\":\"WebPage\",\"@id\":\"https:\\\/\\\/hotel-lechnerhof.de\\\/tagungspauschale-3\\\/\",\"url\":\"https:\\\/\\\/hotel-lechnerhof.de\\\/tagungspauschale-3\\\/\",\"name\":\"THE MUNICH I&II RATE - Hotel Lechnerhof\",\"isPartOf\":{\"@id\":\"https:\\\/\\\/hotel-lechnerhof.de\\\/en\\\/#website\"},\"datePublished\":\"2023-01-05T09:28:31+00:00\",\"dateModified\":\"2025-12-31T08:47:22+00:00\",\"breadcrumb\":{\"@id\":\"https:\\\/\\\/hotel-lechnerhof.de\\\/tagungspauschale-3\\\/#breadcrumb\"},\"inLanguage\":\"en-US\",\"potentialAction\":[{\"@type\":\"ReadAction\",\"target\":[\"https:\\\/\\\/hotel-lechnerhof.de\\\/tagungspauschale-3\\\/\"]}]},{\"@type\":\"BreadcrumbList\",\"@id\":\"https:\\\/\\\/hotel-lechnerhof.de\\\/tagungspauschale-3\\\/#breadcrumb\",\"itemListElement\":[{\"@type\":\"ListItem\",\"position\":1,\"name\":\"Startseite\",\"item\":\"https:\\\/\\\/hotel-lechnerhof.de\\\/en\\\/\"},{\"@type\":\"ListItem\",\"position\":2,\"name\":\"Die M\u00dcNCHEN I+II Pauschale\"}]},{\"@type\":\"WebSite\",\"@id\":\"https:\\\/\\\/hotel-lechnerhof.de\\\/en\\\/#website\",\"url\":\"https:\\\/\\\/hotel-lechnerhof.de\\\/en\\\/\",\"name\":\"Hotel Lechnerhof\",\"description\":\"Eine weitere WordPress-Website\",\"publisher\":{\"@id\":\"https:\\\/\\\/hotel-lechnerhof.de\\\/en\\\/#organization\"},\"potentialAction\":[{\"@type\":\"SearchAction\",\"target\":{\"@type\":\"EntryPoint\",\"urlTemplate\":\"https:\\\/\\\/hotel-lechnerhof.de\\\/en\\\/?s={search_term_string}\"},\"query-input\":{\"@type\":\"PropertyValueSpecification\",\"valueRequired\":true,\"valueName\":\"search_term_string\"}}],\"inLanguage\":\"en-US\"},{\"@type\":\"Organization\",\"@id\":\"https:\\\/\\\/hotel-lechnerhof.de\\\/en\\\/#organization\",\"name\":\"Hotel Lechnerhof\",\"url\":\"https:\\\/\\\/hotel-lechnerhof.de\\\/en\\\/\",\"logo\":{\"@type\":\"ImageObject\",\"inLanguage\":\"en-US\",\"@id\":\"https:\\\/\\\/hotel-lechnerhof.de\\\/en\\\/#\\\/schema\\\/logo\\\/image\\\/\",\"url\":\"https:\\\/\\\/hotel-lechnerhof.de\\\/wp-content\\\/uploads\\\/2022\\\/05\\\/cropped-favicon-75.png\",\"contentUrl\":\"https:\\\/\\\/hotel-lechnerhof.de\\\/wp-content\\\/uploads\\\/2022\\\/05\\\/cropped-favicon-75.png\",\"width\":75,\"height\":75,\"caption\":\"Hotel Lechnerhof\"},\"image\":{\"@id\":\"https:\\\/\\\/hotel-lechnerhof.de\\\/en\\\/#\\\/schema\\\/logo\\\/image\\\/\"}}]}<\/script>\n<!-- \/ Yoast SEO plugin. -->","yoast_head_json":{"title":"THE MUNICH I&II RATE - Hotel Lechnerhof","robots":{"index":"index","follow":"follow","max-snippet":"max-snippet:-1","max-image-preview":"max-image-preview:large","max-video-preview":"max-video-preview:-1"},"canonical":"https:\/\/hotel-lechnerhof.de\/tagungspauschale-3\/","og_locale":"en_US","og_type":"article","og_title":"THE MUNICH I&II RATE - Hotel Lechnerhof","og_url":"https:\/\/hotel-lechnerhof.de\/tagungspauschale-3\/","og_site_name":"Hotel Lechnerhof","article_modified_time":"2025-12-31T08:47:22+00:00","twitter_card":"summary_large_image","twitter_misc":{"Est. reading time":"7 minutes"},"schema":{"@context":"https:\/\/schema.org","@graph":[{"@type":"WebPage","@id":"https:\/\/hotel-lechnerhof.de\/tagungspauschale-3\/","url":"https:\/\/hotel-lechnerhof.de\/tagungspauschale-3\/","name":"THE MUNICH I&II RATE - Hotel Lechnerhof","isPartOf":{"@id":"https:\/\/hotel-lechnerhof.de\/en\/#website"},"datePublished":"2023-01-05T09:28:31+00:00","dateModified":"2025-12-31T08:47:22+00:00","breadcrumb":{"@id":"https:\/\/hotel-lechnerhof.de\/tagungspauschale-3\/#breadcrumb"},"inLanguage":"en-US","potentialAction":[{"@type":"ReadAction","target":["https:\/\/hotel-lechnerhof.de\/tagungspauschale-3\/"]}]},{"@type":"BreadcrumbList","@id":"https:\/\/hotel-lechnerhof.de\/tagungspauschale-3\/#breadcrumb","itemListElement":[{"@type":"ListItem","position":1,"name":"Startseite","item":"https:\/\/hotel-lechnerhof.de\/en\/"},{"@type":"ListItem","position":2,"name":"Die M\u00dcNCHEN I+II Pauschale"}]},{"@type":"WebSite","@id":"https:\/\/hotel-lechnerhof.de\/en\/#website","url":"https:\/\/hotel-lechnerhof.de\/en\/","name":"Hotel Lechnerhof","description":"Eine weitere WordPress-Website","publisher":{"@id":"https:\/\/hotel-lechnerhof.de\/en\/#organization"},"potentialAction":[{"@type":"SearchAction","target":{"@type":"EntryPoint","urlTemplate":"https:\/\/hotel-lechnerhof.de\/en\/?s={search_term_string}"},"query-input":{"@type":"PropertyValueSpecification","valueRequired":true,"valueName":"search_term_string"}}],"inLanguage":"en-US"},{"@type":"Organization","@id":"https:\/\/hotel-lechnerhof.de\/en\/#organization","name":"Hotel Lechnerhof","url":"https:\/\/hotel-lechnerhof.de\/en\/","logo":{"@type":"ImageObject","inLanguage":"en-US","@id":"https:\/\/hotel-lechnerhof.de\/en\/#\/schema\/logo\/image\/","url":"https:\/\/hotel-lechnerhof.de\/wp-content\/uploads\/2022\/05\/cropped-favicon-75.png","contentUrl":"https:\/\/hotel-lechnerhof.de\/wp-content\/uploads\/2022\/05\/cropped-favicon-75.png","width":75,"height":75,"caption":"Hotel Lechnerhof"},"image":{"@id":"https:\/\/hotel-lechnerhof.de\/en\/#\/schema\/logo\/image\/"}}]}},"_links":{"self":[{"href":"https:\/\/hotel-lechnerhof.de\/en\/wp-json\/wp\/v2\/pages\/1121","targetHints":{"allow":["GET"]}}],"collection":[{"href":"https:\/\/hotel-lechnerhof.de\/en\/wp-json\/wp\/v2\/pages"}],"about":[{"href":"https:\/\/hotel-lechnerhof.de\/en\/wp-json\/wp\/v2\/types\/page"}],"author":[{"embeddable":true,"href":"https:\/\/hotel-lechnerhof.de\/en\/wp-json\/wp\/v2\/users\/1"}],"replies":[{"embeddable":true,"href":"https:\/\/hotel-lechnerhof.de\/en\/wp-json\/wp\/v2\/comments?post=1121"}],"version-history":[{"count":33,"href":"https:\/\/hotel-lechnerhof.de\/en\/wp-json\/wp\/v2\/pages\/1121\/revisions"}],"predecessor-version":[{"id":2258,"href":"https:\/\/hotel-lechnerhof.de\/en\/wp-json\/wp\/v2\/pages\/1121\/revisions\/2258"}],"wp:attachment":[{"href":"https:\/\/hotel-lechnerhof.de\/en\/wp-json\/wp\/v2\/media?parent=1121"}],"wp:term":[{"taxonomy":"category","embeddable":true,"href":"https:\/\/hotel-lechnerhof.de\/en\/wp-json\/wp\/v2\/categories?post=1121"},{"taxonomy":"post_tag","embeddable":true,"href":"https:\/\/hotel-lechnerhof.de\/en\/wp-json\/wp\/v2\/tags?post=1121"}],"curies":[{"name":"wp","href":"https:\/\/api.w.org\/{rel}","templated":true}]}}